{"id":280,"date":"2025-04-25T10:29:08","date_gmt":"2025-04-25T10:29:08","guid":{"rendered":"https:\/\/biblioteka.jaswily.pl\/?page_id=280"},"modified":"2025-06-12T11:47:34","modified_gmt":"2025-06-12T11:47:34","slug":"regulaminy","status":"publish","type":"page","link":"https:\/\/biblioteka.jaswily.pl\/index.php\/regulaminy\/","title":{"rendered":"Regulaminy"},"content":{"rendered":"\t\t<div data-elementor-type=\"wp-page\" data-elementor-id=\"280\" class=\"elementor elementor-280\" data-elementor-post-type=\"page\">\n\t\t\t\t\t\t<section class=\"elementor-section elementor-top-section elementor-element elementor-element-5bb55369 elementor-section-full_width elementor-section-height-min-height elementor-section-items-stretch elementor-section-content-middle elementor-section-height-default\" data-id=\"5bb55369\" data-element_type=\"section\" data-settings=\"{&quot;background_background&quot;:&quot;classic&quot;}\">\n\t\t\t\t\t\t<div class=\"elementor-container elementor-column-gap-default\">\n\t\t\t\t\t<div class=\"elementor-column elementor-col-100 elementor-top-column elementor-element elementor-element-6335ffd2\" data-id=\"6335ffd2\" data-element_type=\"column\" data-settings=\"{&quot;background_background&quot;:&quot;classic&quot;}\">\n\t\t\t<div class=\"elementor-widget-wrap elementor-element-populated\">\n\t\t\t\t\t<div class=\"elementor-background-overlay\"><\/div>\n\t\t\t\t\t\t<section class=\"elementor-section elementor-inner-section elementor-element elementor-element-3d4c3a53 elementor-section-boxed elementor-section-height-default elementor-section-height-default\" data-id=\"3d4c3a53\" data-element_type=\"section\">\n\t\t\t\t\t\t<div class=\"elementor-container elementor-column-gap-default\">\n\t\t\t\t\t<div class=\"elementor-column elementor-col-100 elementor-inner-column elementor-element elementor-element-3b41b4f3\" data-id=\"3b41b4f3\" data-element_type=\"column\">\n\t\t\t<div class=\"elementor-widget-wrap elementor-element-populated\">\n\t\t\t\t\t\t\t<\/div>\n\t\t<\/div>\n\t\t\t\t\t<\/div>\n\t\t<\/section>\n\t\t\t\t\t<\/div>\n\t\t<\/div>\n\t\t\t\t\t<\/div>\n\t\t<\/section>\n\t\t<div class=\"elementor-element elementor-element-263f3108 e-flex e-con-boxed e-con e-parent\" data-id=\"263f3108\" data-element_type=\"container\">\n\t\t\t\t\t<div class=\"e-con-inner\">\n\t\t<div class=\"elementor-element elementor-element-2cc620bd e-con-full e-flex e-con e-child\" data-id=\"2cc620bd\" data-element_type=\"container\">\n\t\t\t\t<div class=\"elementor-element elementor-element-46596645 elementor-widget elementor-widget-shortcode\" data-id=\"46596645\" data-element_type=\"widget\" data-widget_type=\"shortcode.default\">\n\t\t\t\t<div class=\"elementor-widget-container\">\n\t\t\t\t\t\t\t<div class=\"elementor-shortcode\"><div class=\"breadcrumbspress-shortcode-wrapper breadcrumbspress-shortcode-current\"><\/div><\/div>\n\t\t\t\t\t\t<\/div>\n\t\t\t\t<\/div>\n\t\t\t\t<div class=\"elementor-element elementor-element-4f3b3b8f elementor-widget elementor-widget-heading\" data-id=\"4f3b3b8f\" data-element_type=\"widget\" data-widget_type=\"heading.default\">\n\t\t\t\t<div class=\"elementor-widget-container\">\n\t\t\t\t\t<h2 class=\"elementor-heading-title elementor-size-default\">Regulaminy<\/h2>\t\t\t\t<\/div>\n\t\t\t\t<\/div>\n\t\t\t\t<div class=\"elementor-element elementor-element-4870e99 elementor-widget elementor-widget-text-editor\" data-id=\"4870e99\" data-element_type=\"widget\" data-widget_type=\"text-editor.default\">\n\t\t\t\t<div class=\"elementor-widget-container\">\n\t\t\t\t\t\t\t\t\t<p align=\"right\"><span style=\"font-family: Calibri, sans-serif;\"><span style=\"font-size: large;\">Za\u0142\u0105cznik nr 1 do Zarz\u0105dzenia Nr 2\/2014<\/span><\/span><\/p><p align=\"right\"><span style=\"font-family: Calibri, sans-serif;\"><span style=\"font-size: large;\">Dyrektora BPG Ja\u015bwi\u0142y z dnia 01.02.2014 r.<\/span><\/span><\/p><h3 class=\"western\"><strong><span style=\"font-family: Calibri, sans-serif;\">Regulamin wypo\u017cyczalni<\/span><\/strong><\/h3><p><span style=\"font-family: Calibri, sans-serif;\"><b>Biblioteki Publicznej Gminy Ja\u015bwi\u0142y<\/b><\/span><\/p><p align=\"right\"><span style=\"font-family: Calibri, sans-serif;\"><span style=\"font-size: large;\">Za\u0142\u0105cznik Nr 2 do Zarz\u0105dzenia Nr 2\/2014<\/span><\/span><\/p><p align=\"right\"><span style=\"font-family: Calibri, sans-serif;\"><span style=\"font-size: large;\">dyrektora BPG Ja\u015bwi\u0142y z dnia 01.02.2014 r.<\/span><\/span><\/p><h4 class=\"western\"><span style=\"font-family: Calibri, sans-serif;\"><i>\u00a7 1. PRAWO KORZYSTANIA<\/i><\/span><\/h4><ol><li><p><span style=\"font-family: Calibri, sans-serif;\">Z wypo\u017cyczalni mog\u0105 korzysta\u0107 wszyscy obywatele.<\/span><\/p><\/li><li><p><span style=\"font-family: Calibri, sans-serif;\">Korzystanie z wypo\u017cyczalni jest bezp\u0142atne.<\/span><\/p><\/li><li><p><span style=\"font-family: Calibri, sans-serif;\">Przy zapisie zg\u0142aszaj\u0105cy si\u0119 jest zobowi\u0105zany:<br \/><\/span><strong><span style=\"font-family: Calibri, sans-serif;\">a\/<\/span><\/strong><span style=\"font-family: Calibri, sans-serif;\">\u00a0okaza\u0107 dow\u00f3d osobisty stwierdzaj\u0105cy to\u017csamo\u015b\u0107 i miejsce zamieszkania,<br \/><\/span><strong><span style=\"font-family: Calibri, sans-serif;\">b\/<\/span><\/strong><span style=\"font-family: Calibri, sans-serif;\">\u00a0wype\u0142ni\u0107 kart\u0119 zapisu i zobowi\u0105za\u0107 si\u0119 podpisem do przestrzegania regulaminu.<\/span><\/p><\/li><li><p><span style=\"font-family: Calibri, sans-serif;\">Podpisuj\u0105c zobowi\u0105zanie do przestrzegania regulaminu, czytelnik jednocze\u015bnie wyra\u017ca zgod\u0119 na przetwarzanie danych osobowych.<\/span><\/p><\/li><li><p><span style=\"font-family: Calibri, sans-serif;\">Administratorem danych osobowych, podawanych przy zapisie, jest Biblioteka Publiczna Gminy Ja\u015bwi\u0142y. Dane te podlegaj\u0105 ochronie prawnej na podstawie Ustawy z dnia 29 sierpnia 1997 r. o ochronie danych osobowych (Dz.U. 2002 Nr 101 poz. 926 ze zm.) i nie b\u0119d\u0105 udost\u0119pniane innym podmiotom.<\/span><\/p><\/li><li><p><span style=\"font-family: Calibri, sans-serif;\">Czytelnikowi przys\u0142uguje prawo wgl\u0105du do danych osobowych oraz ich poprawienia na warunkach okre\u015blonych w Ustawie o ochronie danych osobowych.<\/span><\/p><\/li><li><p><span style=\"font-family: Calibri, sans-serif;\">Za niepe\u0142noletniego czytelnika odpowiadaj\u0105 i podpisuj\u0105 zobowi\u0105zanie rodzice lub opiekunowie prawni. Podstaw\u0105 zapisu jest dow\u00f3d osobisty jednego z rodzic\u00f3w lub opiekuna prawnego.<\/span><\/p><\/li><li><p><span style=\"font-family: Calibri, sans-serif;\">Czytelnik zobowi\u0105zany jest informowa\u0107 Bibliotek\u0119 o zmianie zamieszkania lub szko\u0142y.<\/span><\/p><\/li><li><p><span style=\"font-family: Calibri, sans-serif;\">W wypo\u017cyczalni obowi\u0105zuje zakaz palenia tytoniu.<\/span><\/p><\/li><\/ol><p><span style=\"font-family: Calibri, sans-serif;\">Z Biblioteki nie mog\u0105 korzysta\u0107 osoby nietrze\u017awe oraz odbiegaj\u0105ce swoim zachowaniem i czysto\u015bci\u0105 od og\u00f3lnie przyj\u0119tych norm.<\/span><\/p><p><span style=\"font-family: Calibri, sans-serif;\">10. W czasie, gdy w domu czytelnika panuje choroba zaka\u017ana, nie mo\u017ce on korzysta\u0107 ze zbior\u00f3w.<\/span><\/p><h4 class=\"western\"><span style=\"font-family: Calibri, sans-serif;\"><i>\u00a7 2. KAUCJE<\/i><\/span><\/h4><ol><li><p><span style=\"font-family: Calibri, sans-serif;\">Kaucje od czytelnik\u00f3w pobiera si\u0119 w nast\u0119puj\u0105cych przypadkach:<br \/><\/span><strong><span style=\"font-family: Calibri, sans-serif;\">a\/<\/span><\/strong><span style=\"font-family: Calibri, sans-serif;\">\u00a0je\u015bli czytelnik nie jest mieszka\u0144cem gminy &#8211; w wysoko\u015bci 20 PLN za jedn\u0105 wypo\u017cyczon\u0105 ksi\u0105\u017ck\u0119 i 10 PLN dla m\u0142odzie\u017cy szkolnej,<br \/><\/span><strong><span style=\"font-family: Calibri, sans-serif;\">b\/<\/span><\/strong><span style=\"font-family: Calibri, sans-serif;\">\u00a0przy wypo\u017cyczeniu szczeg\u00f3lnie cennych publikacji wysoko\u015b\u0107 kaucji jest ustalana ka\u017cdorazowo zale\u017cnie od warto\u015bci dzie\u0142a.<\/span><\/p><\/li><li><p><span style=\"font-family: Calibri, sans-serif;\">Po up\u0142ywie roku zaprzestania korzystania z Biblioteki nieodebrana kaucja staje si\u0119 w\u0142asno\u015bci\u0105 instytucji, przeznaczon\u0105 na jej cele statutowe.<\/span><\/p><\/li><\/ol><h4 class=\"western\"><span style=\"font-family: Calibri, sans-serif;\"><i>\u00a7 3. WYPO\u017bYCZANIE<\/i><\/span><\/h4><ol><li><p><span style=\"font-family: Calibri, sans-serif;\">Wypo\u017cyczy\u0107 mo\u017cna jednorazowo 4 woluminy na okres nie d\u0142u\u017cszy ni\u017c 1 miesi\u0105c.<\/span><\/p><\/li><li><p><span style=\"font-family: Calibri, sans-serif;\">Biblioteka mo\u017ce przesun\u0105\u0107 termin zwrotu wypo\u017cyczonej ksi\u0105\u017cki, je\u015bli nie ma na ni\u0105 zapotrzebowania ze strony innych czytelnik\u00f3w.<\/span><\/p><\/li><li><p><span style=\"font-family: Calibri, sans-serif;\">Biblioteka mo\u017ce \u017c\u0105da\u0107 zwrotu ksi\u0105\u017cek przed terminem ustalonym w ust. 1, je\u017celi stanowi\u0105 one szczeg\u00f3lnie poszukiwane pozycje.<\/span><\/p><\/li><li><p><span style=\"font-family: Calibri, sans-serif;\">Na pro\u015bb\u0119 czytelnika Biblioteka mo\u017ce rezerwowa\u0107 ksi\u0105\u017cki aktualnie wypo\u017cyczone.<\/span><\/p><\/li><li><p><span style=\"font-family: Calibri, sans-serif;\">Z ksi\u0119gozbioru podr\u0119cznego i czasopism korzysta\u0107 mo\u017cna tylko na miejscu.<\/span><\/p><\/li><\/ol><h4 class=\"western\"><span style=\"font-family: Calibri, sans-serif;\"><i>\u00a7 4. POSZANOWANIE KSI\u0104\u017bEK<\/i><\/span><\/h4><ol><li><p><span style=\"font-family: Calibri, sans-serif;\">Czytelnik jest obowi\u0105zany do poszanowania ksi\u0105\u017cek b\u0119d\u0105cych w\u0142asno\u015bci\u0105 spo\u0142eczn\u0105, powinien te\u017c zwraca\u0107 uwag\u0119 na stan ksi\u0105\u017cki przed jej wypo\u017cyczeniem. Zauwa\u017cone uszkodzenia nale\u017cy zg\u0142osi\u0107 bibliotekarzowi.<\/span><\/p><\/li><li><p><span style=\"font-family: Calibri, sans-serif;\">W przypadku zagubienia, zniszczenia lub uszkodzenia woluminu czytelnik zobowi\u0105zany jest zwr\u00f3ci\u0107 ten sam tytu\u0142 ksi\u0105\u017cki lub za zgod\u0105 bibliotekarza inn\u0105 ksi\u0105\u017ck\u0119 nie mniejszej warto\u015bci, przydatn\u0105 w bibliotece, b\u0105d\u017a kt\u00f3rej wysoko\u015b\u0107 jest r\u00f3wna warto\u015bci rynkowej i antykwarycznej.<\/span><\/p><\/li><li><p><span style=\"font-family: Calibri, sans-serif;\">Stopie\u0144 zu\u017cycia ksi\u0105\u017cki nie ma wp\u0142ywu na zmniejszenie wysoko\u015bci odszkodowania. Do ca\u0142o\u015bci odszkodowania wlicza si\u0119 koszty oprawy introligatorskiej, je\u017celi ksi\u0105\u017cka j\u0105 posiada\u0142a, wg aktualnego cennika introligatorskiego.<\/span><\/p><\/li><\/ol><h4 class=\"western\"><span style=\"font-family: Calibri, sans-serif;\"><i>\u00a7 5. PRZETRZYMYWANIE KSI\u0104\u017bEK<\/i><\/span><\/h4><ol><li><p><span style=\"font-family: Calibri, sans-serif;\">Czytelnikom, kt\u00f3rzy nie zwracaj\u0105 wypo\u017cyczonych ksi\u0105\u017cek w terminie okre\u015blonym w regulaminie, ogranicza si\u0119 liczb\u0119 wypo\u017cyczonych ksi\u0105\u017cek do 2 egzemplarzy.<\/span><\/p><\/li><li><p><span style=\"font-family: Calibri, sans-serif;\">Je\u017celi ksi\u0105\u017cka nie zostanie zwr\u00f3cona w wyznaczonym terminie czytelnik otrzymuje pisemne upomnienie.<\/span><\/p><\/li><li><p><span style=\"font-family: Calibri, sans-serif;\">Je\u017celi czytelnik mimo upomnie\u0144 wysy\u0142anych przez Bibliotek\u0119 odmawia zwrotu ksi\u0105\u017cek, instytucja dochodzi swoich roszcze\u0144 drog\u0105 s\u0105dow\u0105 i egzekucj\u0105 komornicz\u0105, a czytelnik traci prawo do korzystania ze zbior\u00f3w.<\/span><\/p><\/li><\/ol><h4 class=\"western\"><span style=\"font-family: Calibri, sans-serif;\"><i>\u00a7 6. INNE US\u0141UGI BIBLIOTECZNE<\/i><\/span><\/h4><ol><li><p><span style=\"font-family: Calibri, sans-serif;\">Biblioteka mo\u017ce \u015bwiadczy\u0107 us\u0142ugi bibliograficzne, reprograficzne i prowadzi\u0107 wypo\u017cyczenia mi\u0119dzybiblioteczne.<\/span><\/p><\/li><li><p><span style=\"font-family: Calibri, sans-serif;\">Czytelnicy maja zapewniony dost\u0119p do Internetu w czytelni, na zasadach okre\u015blonych odr\u0119bnym regulaminem.<\/span><\/p><\/li><\/ol><h4 class=\"western\"><span style=\"font-family: Calibri, sans-serif;\"><i>\u00a7 7. SKARGI I WNIOSKI<\/i><\/span><\/h4><ol><li><p><span style=\"font-family: Calibri, sans-serif;\">Wszelkie \u017cyczenia i za\u017calenia nale\u017cy kierowa\u0107 osobi\u015bcie lub na pi\u015bmie do Dyrektora Biblioteki Publicznej Gminy Ja\u015bwi\u0142y.<\/span><\/p><\/li><\/ol><h4 class=\"western\"><span style=\"font-family: Calibri, sans-serif;\"><i>\u00a7 8. PRZEPISY KO\u0143COWE<\/i><\/span><\/h4><ol><li><p><span style=\"font-family: Calibri, sans-serif;\">Czytelnik niestosuj\u0105cy si\u0119 do postanowie\u0144 niniejszego regulaminu mo\u017ce by\u0107 czasowo, a w szczeg\u00f3lnie drastycznych przypadkach na sta\u0142e, pozbawiony prawa do korzystania z Biblioteki. Decyzj\u0119 w tej sprawie podejmuje bibliotekarz obs\u0142uguj\u0105cy czytelnika.<\/span><\/p><\/li><li><p><span style=\"font-family: Calibri, sans-serif;\">Czytelnikowi przys\u0142uguje prawo wyst\u0105pienia z wnioskiem o ponowne rozpatrzenie sprawy do Dyrektora Biblioteki Publicznej.<\/span><\/p><\/li><\/ol><p><span style=\"font-family: Calibri, sans-serif;\"><b>Regulamin obowi\u0105zuje od dnia 01.02.2014 r.<\/b><\/span><\/p><p align=\"right\"><span style=\"font-family: Calibri, sans-serif;\"><b>Bo\u017cena Kupi\u0144ska<\/b><\/span><\/p><p align=\"right\"><span style=\"font-family: Calibri, sans-serif;\"><b>dyr. BPG Ja\u015bwi\u0142y<\/b><\/span><\/p><p align=\"right\"><span style=\"font-family: Calibri, sans-serif;\"><span style=\"font-size: large;\">Za\u0142\u0105cznik Nr 2 do Zarz\u0105dzenia Nr 2\/2014<\/span><\/span><\/p><p align=\"right\"><span style=\"font-family: Calibri, sans-serif;\"><span style=\"font-size: large;\">dyrektora BPG Ja\u015bwi\u0142y z dnia 01.02.2014 r.<\/span><\/span><\/p><p align=\"center\"><a name=\"Sekcja1\"><\/a> <strong><span style=\"font-family: Calibri, sans-serif;\"><span style=\"font-size: medium;\">Regulamin<\/span><\/span><\/strong><\/p><p align=\"center\"><span style=\"font-family: Calibri, sans-serif;\"><span style=\"font-size: medium;\"><b>korzystania z czytelni internetowych<\/b><\/span><\/span><\/p><p align=\"center\"><span style=\"font-family: Calibri, sans-serif;\"><span style=\"font-size: medium;\"><b>Biblioteki Publicznej Gminy Ja\u015bwi\u0142y<\/b><\/span><\/span><\/p><p align=\"justify\"><span style=\"font-family: Calibri, sans-serif;\"><span style=\"font-size: medium;\"><b>1.\u00a0<\/b>Korzystanie z Internetu jest og\u00f3lnodost\u0119pne i bezp\u0142atne.<\/span><\/span><\/p><p align=\"justify\"><span style=\"font-family: Calibri, sans-serif;\"><span style=\"font-size: medium;\">2.Czytelnik musi otrzyma\u0107 zgod\u0119 bibliotekarza na drukowanie i skanowanie materia\u0142\u00f3w.<\/span><\/span><\/p><p align=\"justify\"><span style=\"font-family: Calibri, sans-serif;\"><span style=\"font-size: medium;\">3.Czytelnik zamierzaj\u0105cy korzysta\u0107 z Internetu zobowi\u0105zany jest do:<\/span><\/span><\/p><p align=\"justify\"><span style=\"font-family: Calibri, sans-serif;\"><span style=\"font-size: medium;\">&#8211; wpisania si\u0119 do zeszytu odwiedzin.<\/span><\/span><\/p><p align=\"justify\"><span style=\"font-family: Calibri, sans-serif;\"><span style=\"font-size: medium;\">4. Czytelnik korzysta z komputera wskazanego przez bibliotekarza.<\/span><\/span><\/p><p align=\"justify\"><span style=\"font-family: Calibri, sans-serif;\"><span style=\"font-size: medium;\">5. Bibliotekarz na \u017cyczenie czytelnika i w miar\u0119 mo\u017cliwo\u015bci udziela instrukcji wyszukiwania informacji za po\u015brednictwem Internetu. Poszukiwania prowadzi samodzielnie czytelnik.<\/span><\/span><\/p><p align=\"justify\"><span style=\"font-family: Calibri, sans-serif;\"><span style=\"font-size: medium;\">6. Indywidualna sesja mo\u017ce trwa\u0107 1\/2 godziny. Istnieje mo\u017cliwo\u015b\u0107 jej przed\u0142u\u017cenia, o ile nie b\u0119dzie innych czytelnik\u00f3w czekaj\u0105cych na dost\u0119p do komputera.<\/span><\/span><\/p><p align=\"justify\"><span style=\"font-family: Calibri, sans-serif;\"><span style=\"font-size: medium;\">7. Wyszukiwania internetowe powinny s\u0142u\u017cy\u0107 przede wszystkim celom informacyjnym i edukacyjnym. Korzystanie z Internetu w w\/w celach traktowane jest priorytetowo.<\/span><\/span><\/p><p align=\"justify\"><span style=\"font-family: Calibri, sans-serif;\"><span style=\"font-size: medium;\">8.\u00a0<b>Czytelnik ma prawo do:<\/b><\/span><\/span><\/p><p align=\"justify\"><span style=\"font-family: Calibri, sans-serif;\"><span style=\"font-size: medium;\">&#8211; korzystania z Internetu,<\/span><\/span><\/p><p align=\"justify\"><span style=\"font-family: Calibri, sans-serif;\"><span style=\"font-size: medium;\">&#8211; pracy z programami zainstalowanymi na stanowisku komputerowym,<\/span><\/span><\/p><p align=\"justify\"><span style=\"font-family: Calibri, sans-serif;\"><span style=\"font-size: medium;\">&#8211; zapisywania wynik\u00f3w poszukiwa\u0144 wy\u0142\u0105cznie na w\u0142asnych no\u015bnikach,<\/span><\/span><\/p><p align=\"justify\"><span style=\"font-family: Calibri, sans-serif;\"><span style=\"font-size: medium;\">&#8211; korzystania na miejscu z wydawnictw multimedialnych dost\u0119pnych w Bibliotece,<\/span><\/span><\/p><p align=\"justify\"><span style=\"font-family: Calibri, sans-serif;\"><span style=\"font-size: medium;\">&#8211; kopiowania cz\u0119\u015bci danych w formie wydruku, o ile nie jest to sprzeczne z prawem autorskim.<\/span><\/span><\/p><p align=\"justify\"><span style=\"font-family: Calibri, sans-serif;\"><span style=\"font-size: medium;\">9. Po zako\u0144czeniu pracy z komputerem czytelnik zobowi\u0105zany jest zostawi\u0107 go w konfiguracji zastanej.<\/span><\/span><\/p><p align=\"justify\"><span style=\"font-family: Calibri, sans-serif;\"><span style=\"font-size: medium;\">10. Bibliotekarz ma prawo kontrolowa\u0107:<\/span><\/span><\/p><p align=\"justify\"><span style=\"font-family: Calibri, sans-serif;\"><span style=\"font-size: medium;\">&#8211; strony internetowe przegl\u0105dane przez czytelnika,<\/span><\/span><\/p><p align=\"justify\"><span style=\"font-family: Calibri, sans-serif;\"><span style=\"font-size: medium;\">&#8211; czynno\u015bci wykonywane przez czytelnika przy komputerze.<\/span><\/span><\/p><p align=\"justify\"><span style=\"font-family: Calibri, sans-serif;\"><span style=\"font-size: medium;\"><b>11.Czytelnikowi zabrania si\u0119:<\/b><\/span><\/span><\/p><p align=\"justify\"><span style=\"font-family: Calibri, sans-serif;\"><span style=\"font-size: medium;\">&#8211; podejmowania wszelkich dzia\u0142a\u0144 powoduj\u0105cych dewastacj\u0119 lub uszkodzenie komputera, mebli znajduj\u0105cych si\u0119 w czytelni<\/span><\/span><\/p><p align=\"justify\"><span style=\"font-family: Calibri, sans-serif;\"><span style=\"font-size: medium;\">&#8211; przegl\u0105dania w Internecie tre\u015bci pornograficznych, propaguj\u0105cych przemoc lub tre\u015bci obra\u017aliwe,<\/span><\/span><\/p><p align=\"justify\"><span style=\"font-family: Calibri, sans-serif;\"><span style=\"font-size: medium;\">&#8211; wykorzystywania komputera do czynno\u015bci niezgodnych z prawem,<\/span><\/span><\/p><p align=\"justify\"><span style=\"font-family: Calibri, sans-serif;\"><span style=\"font-size: medium;\">&#8211; samowolnego instalowania na komputerze Biblioteki jakiegokolwiek oprogramowania,<\/span><\/span><\/p><p align=\"justify\"><span style=\"font-family: Calibri, sans-serif;\"><span style=\"font-size: medium;\">&#8211; wprowadzania jakichkolwiek zmian w oprogramowaniu i konfiguracji system\u00f3w operacyjnych stanowisk komputerowych,<\/span><\/span><\/p><p align=\"justify\"><span style=\"font-family: Calibri, sans-serif;\"><span style=\"font-size: medium;\">&#8211; \u0142amania zabezpiecze\u0144 systemu,<\/span><\/span><\/p><p align=\"justify\"><span style=\"font-family: Calibri, sans-serif;\"><span style=\"font-size: medium;\">&#8211; samowolnego usuwania usterek w dzia\u0142aniu oprogramowania oraz urz\u0105dze\u0144 stanowi\u0105cych wyposa\u017cenie stanowisk komputerowych.<\/span><\/span><\/p><p align=\"justify\"><span style=\"font-family: Calibri, sans-serif;\"><span style=\"font-size: medium;\">12. Czytelnik ma obowi\u0105zek poinformowa\u0107 bibliotekarza o wszelkich uszkodzeniach sprz\u0119tu, mebli i systemu w momencie ich zauwa\u017cenia.<\/span><\/span><\/p><p align=\"justify\"><span style=\"font-family: Calibri, sans-serif;\"><span style=\"font-size: medium;\">13. Czytelnik zobowi\u0105zany jest do zapoznania si\u0119 z tre\u015bci\u0105 niniejszego Regulaminu i stosowania do zawartych w nim postanowie\u0144.<\/span><\/span><\/p><p align=\"justify\"><span style=\"font-family: Calibri, sans-serif;\"><span style=\"font-size: medium;\">14. W stosunku do czytelnika, kt\u00f3ry nie przestrzega zasad niniejszego Regulaminu mo\u017ce zosta\u0107 wprowadzony zakaz korzystania z czytelni internetowej.<\/span><\/span><\/p><p align=\"justify\"><span style=\"font-family: Calibri, sans-serif;\"><span style=\"font-size: medium;\">15. Kwestie nie uj\u0119te w Regulaminie rozstrzyga bibliotekarz.<\/span><\/span><\/p><p align=\"justify\"><span style=\"font-family: Calibri, sans-serif;\"><span style=\"font-size: medium;\"><b>Regulamin wchodzi w \u017cycie od dnia 1 luty 2014 r.<\/b><\/span><\/span><\/p><p align=\"right\"><strong><span style=\"font-family: Calibri, sans-serif;\"><span style=\"font-size: medium;\">Za\u0142\u0105cznik nr 1<\/span><\/span><\/strong><span style=\"font-family: Calibri, sans-serif;\"><span style=\"font-size: medium;\"><br \/>do Zarz\u0105dzenia nr 1\/2021<\/span><\/span><\/p><p align=\"right\"><span style=\"font-family: Calibri, sans-serif;\"><span style=\"font-size: medium;\">Dyrektora Biblioteki Publicznej Gminy Ja\u015bwi\u0142y<br \/>z dnia 5 lutego 2021 r.<\/span><\/span><\/p><p align=\"center\"><strong><span style=\"font-family: Calibri, sans-serif;\"><span style=\"font-size: medium;\">REGULAMIN<\/span><\/span><\/strong><\/p><p style=\"text-align: center;\"><strong><span style=\"font-family: Calibri, sans-serif;\"><span style=\"font-size: medium;\">wypo\u017cyczania czytnika e-book\u00f3w i ksi\u0105\u017cek elektronicznych<\/span><\/span><\/strong><\/p><p style=\"text-align: center;\"><strong><span style=\"font-family: Calibri, sans-serif;\"><span style=\"font-size: medium;\">w Bibliotece Publicznej Gminy Ja\u015bwi\u0142y<\/span><\/span><\/strong><\/p><p align=\"center\"><span style=\"font-family: Calibri, sans-serif;\"><span style=\"font-size: medium;\">\u00a7 1<\/span><\/span><\/p><p align=\"center\"><strong><span style=\"font-family: Calibri, sans-serif;\"><span style=\"font-size: medium;\">postanowienia og\u00f3lne<\/span><\/span><\/strong><\/p><ol><li><p><span style=\"font-family: Calibri, sans-serif;\"><span style=\"font-size: medium;\">Regulamin okre\u015bla zasady i warunki wypo\u017cyczania przez Bibliotek\u0119 Publiczn\u0105 Gminy Ja\u015bwi\u0142y czytnika ksi\u0105\u017cek elektronicznych wraz z akcesoriami.<\/span><\/span><\/p><\/li><li><p><span style=\"font-family: Calibri, sans-serif;\"><span style=\"font-size: medium;\">Ilekro\u0107 w Regulaminie jest mowa o:<\/span><\/span><\/p><\/li><\/ol><ol><li><p><span style=\"font-family: Calibri, sans-serif;\"><span style=\"font-size: medium;\">Bibliotece \u2013 rozumie si\u0119 przez to Biblioteka Publiczna Gminy Ja\u015bwi\u0142y;<\/span><\/span><\/p><\/li><li><p><span style=\"font-family: Calibri, sans-serif;\"><span style=\"font-size: medium;\">Wypo\u017cyczaj\u0105cym \u2013 nale\u017cy rozumie\u0107 przez to u\u017cytkownika, kt\u00f3ry zamierza korzysta\u0107 z czytnika e-book\u00f3w;<\/span><\/span><\/p><\/li><li><p><span style=\"font-family: Calibri, sans-serif;\"><span style=\"font-size: medium;\">Czytniku \u2013 nale\u017cy rozumie\u0107 przez to czytnik ksi\u0105\u017cek elektronicznych.<\/span><\/span><\/p><\/li><\/ol><p align=\"center\"><span style=\"font-family: Calibri, sans-serif;\"><span style=\"font-size: medium;\">\u00a7 2<\/span><\/span><\/p><p align=\"center\"><strong><span style=\"font-family: Calibri, sans-serif;\"><span style=\"font-size: medium;\">wypo\u017cyczanie urz\u0105dzenia<\/span><\/span><\/strong><\/p><ol><li><p><span style=\"font-family: Calibri, sans-serif;\"><span style=\"font-size: medium;\">Wypo\u017cyczenia mo\u017ce dokona\u0107 pe\u0142noletni czytelnik w Wypo\u017cyczalnia Biblioteki Publicznej Gminy Ja\u015bwi\u0142y, maj\u0105cy wobec niej uregulowane wszystkie zobowi\u0105zania i nale\u017cno\u015bci oraz posiadaj\u0105cy wa\u017cn\u0105 kart\u0119 biblioteczn\u0105.<\/span><\/span><\/p><\/li><li><p><span style=\"font-family: Calibri, sans-serif;\"><span style=\"font-size: medium;\">Biblioteka ma prawo odm\u00f3wi\u0107 wypo\u017cyczenia czytnika Czytelnikom zalegaj\u0105cym w przesz\u0142o\u015bci ze zwrotem zbior\u00f3w.<\/span><\/span><\/p><\/li><li><p><span style=\"font-family: Calibri, sans-serif;\"><span style=\"font-size: medium;\">Wypo\u017cyczenia dokonuje si\u0119 po spisaniu umowy mi\u0119dzy Bibliotek\u0105 a Wypo\u017cyczaj\u0105cym sporz\u0105dzonej w dw\u00f3ch jednobrzmi\u0105cych egzemplarzach po jednym egzemplarzu dla ka\u017cdej ze stron.<\/span><\/span><\/p><\/li><li><p><span style=\"font-family: Calibri, sans-serif;\"><span style=\"font-size: medium;\">W chwili wypo\u017cyczenia Wypo\u017cyczaj\u0105cy zobowi\u0105zany jest do sprawdzenia stanu fizycznego i technicznego wypo\u017cyczanego czytnika, poprawno\u015bci jego funkcjonowania oraz kompletno\u015bci akcesori\u00f3w.<\/span><\/span><\/p><\/li><li><p><span style=\"font-family: Calibri, sans-serif;\"><span style=\"font-size: medium;\">Czytnik jest wypo\u017cyczany na dwa tygodnie z mo\u017cliwo\u015bci\u0105 jednokrotnej prolongaty, o ile urz\u0105dzenie nie zosta\u0142o zam\u00f3wione przez innego Czytelnika. Przed\u0142u\u017cenia okresu u\u017cyczenia mo\u017cna dokona\u0107 najp\u00f3\u017aniej w dniu terminu zwrotu, a najwcze\u015bniej tydzie\u0144 przed tym dniem.<\/span><\/span><\/p><\/li><\/ol><p align=\"center\"><span style=\"font-family: Calibri, sans-serif;\"><span style=\"font-size: medium;\">\u00a7 3<\/span><\/span><\/p><p align=\"center\"><strong><span style=\"font-family: Calibri, sans-serif;\"><span style=\"font-size: medium;\">u\u017cywanie urz\u0105dzenia<\/span><\/span><\/strong><\/p><ol><li><p><span style=\"font-family: Calibri, sans-serif;\"><span style=\"font-size: medium;\">Wypo\u017cyczaj\u0105cy ma obowi\u0105zek dba\u0107 o stan techniczny i fizyczny czytnika, a tak\u017ce wykorzystywa\u0107 go zgodnie z przeznaczeniem, postanowieniami Regulaminu oraz z dost\u0119pnym na urz\u0105dzeniu \u201ePodr\u0119cznikiem u\u017cytkownika\u201d.<\/span><\/span><\/p><\/li><li><p><span style=\"font-family: Calibri, sans-serif;\"><span style=\"font-size: medium;\">Wypo\u017cyczaj\u0105cy ma prawo korzysta\u0107 z czytnika tylko na w\u0142asny u\u017cytek, zgodnie z obowi\u0105zuj\u0105cymi przepisami prawa i tylko w ramach posiadanych uprawnie\u0144. W szczeg\u00f3lno\u015bci Wypo\u017cyczaj\u0105cy ma prawo wgra\u0107 na czytnik dowolne utwory w ramach obowi\u0105zuj\u0105cego prawa oraz posiadanych przez niego pozwole\u0144 i licencji.<\/span><\/span><\/p><\/li><li><p><span style=\"font-family: Calibri, sans-serif;\"><span style=\"font-size: medium;\">Biblioteka nie ponosi odpowiedzialno\u015bci z tytu\u0142u naruszenia praw, w tym praw autorskich os\u00f3b trzecich do utwor\u00f3w zamieszczanych na czytniku samodzielnie przez Wypo\u017cyczaj\u0105cego. W przypadku wykrycia sytuacji wykorzystania przez Wypo\u017cyczaj\u0105cego czytnika lub wgranych na niego utwor\u00f3w niezgodnie z prawem lub postanowieniami Regulaminu \u2013 Biblioteka i uprawnione osoby trzecie, b\u0119d\u0105 mog\u0142y zg\u0142osi\u0107 w stosunku do Wypo\u017cyczaj\u0105cego odpowiednie roszczenia z tego tytu\u0142u.<\/span><\/span><\/p><\/li><li><p><span style=\"font-family: Calibri, sans-serif;\"><span style=\"font-size: medium;\">Wypo\u017cyczaj\u0105cemu zabrania si\u0119:<\/span><\/span><\/p><ol type=\"a\"><li><p><span style=\"font-family: Calibri, sans-serif;\"><span style=\"font-size: medium;\">usuwania zawarto\u015bci wgranych na czytnik w chwili jego wypo\u017cyczania,<\/span><\/span><\/p><\/li><li><p><span style=\"font-family: Calibri, sans-serif;\"><span style=\"font-size: medium;\">ingerowania w oprogramowanie czytnika,<\/span><\/span><\/p><\/li><li><p><span style=\"font-family: Calibri, sans-serif;\"><span style=\"font-size: medium;\">modyfikowania utwor\u00f3w wgranych na czytnik, rozpowszechniania oraz wprowadzania do obrotu w jakikolwiek spos\u00f3b, w jakiejkolwiek formie i w jakimkolwiek miejscu czytnika i wgranych na niego utwor\u00f3w, w ca\u0142o\u015bci lub we fragmentach,<\/span><\/span><\/p><\/li><li><p><span style=\"font-family: Calibri, sans-serif;\"><span style=\"font-size: medium;\">wykorzystywania komercyjnego wgranych na czytnik e-book\u00f3w,<\/span><\/span><\/p><\/li><li><p><span style=\"font-family: Calibri, sans-serif;\"><span style=\"font-size: medium;\">udost\u0119pniania czytnika innym osobom.<\/span><\/span><\/p><\/li><\/ol><\/li><\/ol><p align=\"center\"><span style=\"font-family: Calibri, sans-serif;\"><span style=\"font-size: medium;\">\u00a7 4<\/span><\/span><\/p><p align=\"center\"><strong><span style=\"font-family: Calibri, sans-serif;\"><span style=\"font-size: medium;\">zwrot urz\u0105dzenia i odpowiedzialno\u015b\u0107 finansowa<\/span><\/span><\/strong><\/p><ol><li><p><span style=\"font-family: Calibri, sans-serif;\"><span style=\"font-size: medium;\">Wypo\u017cyczaj\u0105cy jest zobowi\u0105zany do oddania czytnika z na\u0142adowan\u0105 bateri\u0105 w stanie takim, w jakim go wypo\u017cyczy\u0142 oraz w terminie okre\u015blonym w umowie.<\/span><\/span><\/p><\/li><li><p><span style=\"font-family: Calibri, sans-serif;\"><span style=\"font-size: medium;\">Kara umowna za brak terminowego zwrotu wypo\u017cyczonego czytnika wynosi 5 z\u0142otych za ka\u017cdy rozpocz\u0119ty dzie\u0144 zw\u0142oki. Termin zwrotu wypadaj\u0105cy na dzie\u0144 zamkni\u0119cia Biblioteki jest przesuwany na pierwszy dzie\u0144 jej otwarcia przypadaj\u0105cy po tym terminie.<\/span><\/span><\/p><\/li><li><p><span style=\"font-family: Calibri, sans-serif;\"><span style=\"font-size: medium;\">Wypo\u017cyczaj\u0105cy ponosi pe\u0142n\u0105 odpowiedzialno\u015b\u0107 za utrat\u0119 lub uszkodzenie czytnika od momentu wypo\u017cyczenia do chwili jego zwrotu do Biblioteki, pod rygorem wszcz\u0119cia przeciwko niemu post\u0119powania:<\/span><\/span><\/p><ul><li><p><span style=\"font-family: Calibri, sans-serif;\"><span style=\"font-size: medium;\">s\u0105dowego,<\/span><\/span><\/p><\/li><li><p><span style=\"font-family: Calibri, sans-serif;\"><span style=\"font-size: medium;\">windykacyjnego,<\/span><\/span><\/p><\/li><li><p><span style=\"font-family: Calibri, sans-serif;\"><span style=\"font-size: medium;\">wpisania do Krajowego Rejestru D\u0142ug\u00f3w<\/span><\/span><\/p><\/li><\/ul><\/li><\/ol><p><span style=\"font-family: Calibri, sans-serif;\"><span style=\"font-size: medium;\">w celu przymusowego wyegzekwowania roszcze\u0144 nale\u017cnych z tego tytu\u0142u Bibliotece.<\/span><\/span><\/p><ol><li><p><span style=\"font-family: Calibri, sans-serif;\"><span style=\"font-size: medium;\">W przypadku naprawialnego uszkodzenia lub zepsucia czytnika albo akcesori\u00f3w Wypo\u017cyczaj\u0105cy zobowi\u0105zany jest do poinformowania Biblioteki o tym fakcie i dokonania naprawy.<\/span><\/span><\/p><\/li><li><p><span style=\"font-family: Calibri, sans-serif;\"><span style=\"font-size: medium;\">W przypadku braku kt\u00f3rego\u015b z element\u00f3w, jego nienaprawialnego zniszczenia lub zniszczenia, kt\u00f3rego naprawa przewy\u017csza warto\u015b\u0107 elementu, Wypo\u017cyczaj\u0105cy zobowi\u0105zany jest do zap\u0142aty na rzecz Biblioteki odszkodowania w wysoko\u015bci:<\/span><\/span><\/p><ul><li><p><span style=\"font-family: Calibri, sans-serif;\"><span style=\"font-size: medium;\">czytnik \u2013 450 z\u0142,<\/span><\/span><\/p><\/li><li><p><span style=\"font-family: Calibri, sans-serif;\"><span style=\"font-size: medium;\">przew\u00f3d USB \u2013 10 z\u0142.<\/span><\/span><\/p><\/li><li><p><span style=\"font-family: Calibri, sans-serif;\"><span style=\"font-size: medium;\">oprawa -40 z\u0142<\/span><\/span><\/p><\/li><\/ul><\/li><li><p><span style=\"font-family: Calibri, sans-serif;\"><span style=\"font-size: medium;\">Op\u0142aty i odszkodowania, o kt\u00f3rych mowa w Regulaminie Wypo\u017cyczaj\u0105cy zobowi\u0105zany jest regulowa\u0107 wobec Biblioteki niezw\u0142ocznie.<\/span><\/span><\/p><\/li><\/ol><p align=\"center\"><span style=\"font-family: Calibri, sans-serif;\"><span style=\"font-size: medium;\">\u00a7 5<\/span><\/span><\/p><p align=\"center\"><strong><span style=\"font-family: Calibri, sans-serif;\"><span style=\"font-size: medium;\">przepisy ko\u0144cowe<\/span><\/span><\/strong><\/p><ol><li><p><span style=\"font-family: Calibri, sans-serif;\"><span style=\"font-size: medium;\">Wypo\u017cyczaj\u0105cy jest zobowi\u0105zany do zapoznania si\u0119 z Regulaminem i zaakceptowania zawartych w nim warunk\u00f3w.<\/span><\/span><\/p><\/li><li><p><span style=\"font-family: Calibri, sans-serif;\"><span style=\"font-size: medium;\">W sprawach nieuregulowanych niniejszym Regulaminem, odpowiednie zastosowanie maj\u0105 postanowienia Regulaminu korzystania ze zbior\u00f3w i us\u0142ug Biblioteki Publicznej Gminy Ja\u015bwi\u0142y, wprowadzony odr\u0119bnym Zarz\u0105dzeniem Dyrektora.<\/span><\/span><\/p><\/li><\/ol><h3 class=\"western\" align=\"left\"><span style=\"font-family: Calibri, sans-serif;\"><span style=\"font-size: medium;\">Kontakt:\u00a0Biblioteka Publiczna Gminy Ja\u015bwi\u0142y, Ja\u015bwi\u0142y 14, 19-124 Ja\u015bwi\u0142y<\/span><\/span><\/h3><p align=\"left\"><span style=\"font-family: Calibri, sans-serif;\"><span style=\"font-size: medium;\">E-mail:\u00a0<a href=\"mailto:biblioteka7@o2.pl\">biblioteka7@o2.pl<\/a>, tel. 85 716 80 11<\/span><\/span><\/p><p align=\"left\"><strong><span style=\"font-family: Calibri, sans-serif;\"><span style=\"font-size: medium;\"><u>Regulamin i Umowa do pobrania w Za\u0142\u0105czniku<\/u><\/span><\/span><\/strong><\/p>\t\t\t\t\t\t\t\t<\/div>\n\t\t\t\t<\/div>\n\t\t\t\t<div class=\"elementor-element elementor-element-8c87b5f elementor-widget elementor-widget-wp-widget-download_attachments_list_widget\" data-id=\"8c87b5f\" data-element_type=\"widget\" data-widget_type=\"wp-widget-download_attachments_list_widget.default\">\n\t\t\t\t<div class=\"elementor-widget-container\">\n\t\t\t\t\t<h5>Za\u0142\u0105czniki<\/h5><div class=\"download-attachments\">\r\n\t\r\n\t\t\t<h3 class=\"attachments-title\">Za\u0142\u0105czniki<\/h3>\t\r\n\r\n\r\n\r\n\t<ul class=\"da-attachments-list\">\r\n\r\n\t\r\n\t\t\r\n\t\t<li class=\"odt\">\r\n\r\n\t\t\t\t\t\t<span class=\"attachment-index\">1<\/span>\r\n\t\t\t\r\n\t\t\t\t\t\t\t<img decoding=\"async\" class=\"attachment-icon\" src=\"https:\/\/biblioteka.jaswily.pl\/wp-content\/plugins\/download-attachments\/images\/ext\/unknown.gif\" alt=\"odt\" \/>\r\n\t\t\t\r\n\t\t\t\r\n\t\t\t<a href=\"https:\/\/biblioteka.jaswily.pl\/wp-content\/plugins\/download-attachments\/includes\/download.php?id=282\" title=\"Umowa na wypo\u017cyczenie czytnika e-book\u00f3w\" class=\"attachment-link\">Umowa na wypo\u017cyczenie czytnika e-book\u00f3w<\/a>\r\n\t\t\t\r\n\t\t\t<br \/>\r\n\r\n\t\t\t\r\n\t\t\t\r\n\t\t\t\r\n\t\t\t\r\n\t\t\t\t\t\t\t<span class=\"attachment-size\"><span class=\"attachment-label\">Wielko\u015b\u0107 pliku:<\/span> 25 KB<\/span>\r\n\t\t\t\r\n\t\t\t\t\t\t\t<span class=\"attachment-downloads\"><span class=\"attachment-label\">Pobrania:<\/span> 61<\/span>\r\n\t\t\t\r\n\t\t<\/li>\r\n\r\n\t\r\n\t\t\r\n\t\t<li class=\"odt\">\r\n\r\n\t\t\t\t\t\t<span class=\"attachment-index\">2<\/span>\r\n\t\t\t\r\n\t\t\t\t\t\t\t<img decoding=\"async\" class=\"attachment-icon\" src=\"https:\/\/biblioteka.jaswily.pl\/wp-content\/plugins\/download-attachments\/images\/ext\/unknown.gif\" alt=\"odt\" \/>\r\n\t\t\t\r\n\t\t\t\r\n\t\t\t<a href=\"https:\/\/biblioteka.jaswily.pl\/wp-content\/plugins\/download-attachments\/includes\/download.php?id=283\" title=\"Regulamin wypo\u017cyczania czytnika e-book\u00f3w\" class=\"attachment-link\">Regulamin wypo\u017cyczania czytnika e-book\u00f3w<\/a>\r\n\t\t\t\r\n\t\t\t<br \/>\r\n\r\n\t\t\t\r\n\t\t\t\r\n\t\t\t\r\n\t\t\t\r\n\t\t\t\t\t\t\t<span class=\"attachment-size\"><span class=\"attachment-label\">Wielko\u015b\u0107 pliku:<\/span> 26 KB<\/span>\r\n\t\t\t\r\n\t\t\t\t\t\t\t<span class=\"attachment-downloads\"><span class=\"attachment-label\">Pobrania:<\/span> 55<\/span>\r\n\t\t\t\r\n\t\t<\/li>\r\n\r\n\t\r\n\t<\/ul>\r\n\r\n\r\n\r\n\t<\/div>\t\t\t\t<\/div>\n\t\t\t\t<\/div>\n\t\t\t\t<\/div>\n\t\t<div class=\"elementor-element elementor-element-75602f87 e-con-full e-flex e-con e-child\" data-id=\"75602f87\" data-element_type=\"container\">\n\t\t\t\t<div class=\"elementor-element elementor-element-62a4b6c elementor-widget elementor-widget-text-editor\" data-id=\"62a4b6c\" data-element_type=\"widget\" data-widget_type=\"text-editor.default\">\n\t\t\t\t<div class=\"elementor-widget-container\">\n\t\t\t\t\t\t\t\t\t<p><strong>Przydatne Linki<\/strong><\/p>\t\t\t\t\t\t\t\t<\/div>\n\t\t\t\t<\/div>\n\t\t\t\t<div class=\"elementor-element elementor-element-4a5c5fed elementor-widget elementor-widget-image\" data-id=\"4a5c5fed\" data-element_type=\"widget\" data-widget_type=\"image.default\">\n\t\t\t\t<div class=\"elementor-widget-container\">\n\t\t\t\t\t\t\t\t\t\t\t\t\t\t\t<img decoding=\"async\" width=\"218\" height=\"19\" src=\"https:\/\/biblioteka.jaswily.pl\/wp-content\/uploads\/2025\/04\/underline-wiggle-pink.png\" class=\"attachment-large size-large wp-image-28\" alt=\"\" \/>\t\t\t\t\t\t\t\t\t\t\t\t\t\t\t<\/div>\n\t\t\t\t<\/div>\n\t\t\t\t<div class=\"elementor-element elementor-element-3134ff4 elementor-widget elementor-widget-elementskit-client-logo\" data-id=\"3134ff4\" data-element_type=\"widget\" data-widget_type=\"elementskit-client-logo.default\">\n\t\t\t\t<div class=\"elementor-widget-container\">\n\t\t\t\t\t<div class=\"ekit-wid-con\" >\t\t<div class=\"elementskit-clients-slider slider-dotted dot_dotted simple_logo_image\" data-config=\"{&quot;rtl&quot;:false,&quot;arrows&quot;:false,&quot;dots&quot;:true,&quot;autoplay&quot;:true,&quot;speed&quot;:1000,&quot;slidesPerView&quot;:1,&quot;slidesPerGroup&quot;:1,&quot;pauseOnHover&quot;:true,&quot;loop&quot;:false,&quot;breakpoints&quot;:{&quot;320&quot;:{&quot;slidesPerView&quot;:2,&quot;slidesPerGroup&quot;:1,&quot;spaceBetween&quot;:10},&quot;768&quot;:{&quot;slidesPerView&quot;:1,&quot;slidesPerGroup&quot;:1,&quot;spaceBetween&quot;:10},&quot;1024&quot;:{&quot;slidesPerView&quot;:1,&quot;slidesPerGroup&quot;:1,&quot;spaceBetween&quot;:15}},&quot;grid&quot;:{&quot;fill&quot;:&quot;row&quot;,&quot;rows&quot;:3}}\" data-direction=\"\">\n\t\t\t<div class=\"ekit-main-swiper swiper\">\n\t\t\t\t<div class=\"swiper-wrapper\">\n\t\t\t\t\t\t\t\t\t\t\t<div class=\"elementskit-client-slider-item swiper-slide \">\n\t\t\t\t\t\t\t<div class=\"swiper-slide-inner\">\n\t\t\t\t\t\t\t\t<div class=\"single-client image-switcher\" title=\"Biuletyn Informacji Publicznej\">\n\t\t\t\t\t\t\t\t\t\t\t\t\t\t\t\t\t\t\t<a href=\"https:\/\/jaswily.naszabiblioteka.com\/bip\/\">\n\t\t\t\t\t\t\t\t\t\t\t<span class=\"content-image\">\n\t\t\t\t\t\t\t\t\t\t\t\t<img fetchpriority=\"high\" decoding=\"async\" width=\"1024\" height=\"538\" src=\"https:\/\/biblioteka.jaswily.pl\/wp-content\/uploads\/2025\/04\/bip.jpg\" class=\"\" alt=\"Biuletyn Informacji Publicznej\" srcset=\"https:\/\/biblioteka.jaswily.pl\/wp-content\/uploads\/2025\/04\/bip.jpg 1024w, https:\/\/biblioteka.jaswily.pl\/wp-content\/uploads\/2025\/04\/bip-300x158.jpg 300w, https:\/\/biblioteka.jaswily.pl\/wp-content\/uploads\/2025\/04\/bip-768x404.jpg 768w, https:\/\/biblioteka.jaswily.pl\/wp-content\/uploads\/2025\/04\/bip-600x315.jpg 600w\" sizes=\"(max-width: 1024px) 100vw, 1024px\" \/>\t\t\t\t\t\t\t\t\t\t\t<\/span>\n\t\t\t\t\t\t\t\t\t\t<\/a>\n\t\t\t\t\t\t\t\t\t\t\t\t\t\t\t\t\t<\/div>\n\t\t\t\t\t\t\t<\/div>\n\t\t\t\t\t\t<\/div>\n\t\t\t\t\t\t\t\t\t\t\t<div class=\"elementskit-client-slider-item swiper-slide \">\n\t\t\t\t\t\t\t<div class=\"swiper-slide-inner\">\n\t\t\t\t\t\t\t\t<div class=\"single-client image-switcher\" title=\"Urz\u0105d Gminy Ja\u015bwi\u0142y\">\n\t\t\t\t\t\t\t\t\t\t\t\t\t\t\t\t\t\t\t<a href=\"http:\/\/jaswily.pl\/\">\n\t\t\t\t\t\t\t\t\t\t\t<span class=\"content-image\">\n\t\t\t\t\t\t\t\t\t\t\t\t<img decoding=\"async\" width=\"1024\" height=\"538\" src=\"https:\/\/biblioteka.jaswily.pl\/wp-content\/uploads\/2025\/04\/urzad-jaswily.jpg\" class=\"\" alt=\"Urz\u0105d Gminy Ja\u015bwi\u0142y\" srcset=\"https:\/\/biblioteka.jaswily.pl\/wp-content\/uploads\/2025\/04\/urzad-jaswily.jpg 1024w, https:\/\/biblioteka.jaswily.pl\/wp-content\/uploads\/2025\/04\/urzad-jaswily-300x158.jpg 300w, https:\/\/biblioteka.jaswily.pl\/wp-content\/uploads\/2025\/04\/urzad-jaswily-768x404.jpg 768w, https:\/\/biblioteka.jaswily.pl\/wp-content\/uploads\/2025\/04\/urzad-jaswily-600x315.jpg 600w\" sizes=\"(max-width: 1024px) 100vw, 1024px\" \/>\t\t\t\t\t\t\t\t\t\t\t<\/span>\n\t\t\t\t\t\t\t\t\t\t<\/a>\n\t\t\t\t\t\t\t\t\t\t\t\t\t\t\t\t\t<\/div>\n\t\t\t\t\t\t\t<\/div>\n\t\t\t\t\t\t<\/div>\n\t\t\t\t\t\t\t\t\t\t\t<div class=\"elementskit-client-slider-item swiper-slide \">\n\t\t\t\t\t\t\t<div class=\"swiper-slide-inner\">\n\t\t\t\t\t\t\t\t<div class=\"single-client image-switcher\" title=\"Biblioteka Narodowa\">\n\t\t\t\t\t\t\t\t\t\t\t\t\t\t\t\t\t\t\t<a href=\"https:\/\/www.bn.org.pl\/\">\n\t\t\t\t\t\t\t\t\t\t\t<span class=\"content-image\">\n\t\t\t\t\t\t\t\t\t\t\t\t<img loading=\"lazy\" decoding=\"async\" width=\"1024\" height=\"538\" src=\"https:\/\/biblioteka.jaswily.pl\/wp-content\/uploads\/2025\/04\/biblioteka-narodowa.jpg\" class=\"\" alt=\"Biblioteka Narodowa\" srcset=\"https:\/\/biblioteka.jaswily.pl\/wp-content\/uploads\/2025\/04\/biblioteka-narodowa.jpg 1024w, https:\/\/biblioteka.jaswily.pl\/wp-content\/uploads\/2025\/04\/biblioteka-narodowa-300x158.jpg 300w, https:\/\/biblioteka.jaswily.pl\/wp-content\/uploads\/2025\/04\/biblioteka-narodowa-768x404.jpg 768w, https:\/\/biblioteka.jaswily.pl\/wp-content\/uploads\/2025\/04\/biblioteka-narodowa-600x315.jpg 600w\" sizes=\"(max-width: 1024px) 100vw, 1024px\" \/>\t\t\t\t\t\t\t\t\t\t\t<\/span>\n\t\t\t\t\t\t\t\t\t\t<\/a>\n\t\t\t\t\t\t\t\t\t\t\t\t\t\t\t\t\t<\/div>\n\t\t\t\t\t\t\t<\/div>\n\t\t\t\t\t\t<\/div>\n\t\t\t\t\t\t\t\t\t\t\t<div class=\"elementskit-client-slider-item swiper-slide \">\n\t\t\t\t\t\t\t<div class=\"swiper-slide-inner\">\n\t\t\t\t\t\t\t\t<div class=\"single-client image-switcher\" title=\"Narodowy Program Rozwoju Czytelnictwa\">\n\t\t\t\t\t\t\t\t\t\t\t\t\t\t\t\t\t\t\t<a href=\"https:\/\/nprcz.pl\/\">\n\t\t\t\t\t\t\t\t\t\t\t<span class=\"content-image\">\n\t\t\t\t\t\t\t\t\t\t\t\t<img loading=\"lazy\" decoding=\"async\" width=\"1024\" height=\"538\" src=\"https:\/\/biblioteka.jaswily.pl\/wp-content\/uploads\/2025\/04\/nprcz.jpg\" class=\"\" alt=\"Narodowy Program Rozwoju Czytelnictwa\" srcset=\"https:\/\/biblioteka.jaswily.pl\/wp-content\/uploads\/2025\/04\/nprcz.jpg 1024w, https:\/\/biblioteka.jaswily.pl\/wp-content\/uploads\/2025\/04\/nprcz-300x158.jpg 300w, https:\/\/biblioteka.jaswily.pl\/wp-content\/uploads\/2025\/04\/nprcz-768x404.jpg 768w, https:\/\/biblioteka.jaswily.pl\/wp-content\/uploads\/2025\/04\/nprcz-600x315.jpg 600w\" sizes=\"(max-width: 1024px) 100vw, 1024px\" \/>\t\t\t\t\t\t\t\t\t\t\t<\/span>\n\t\t\t\t\t\t\t\t\t\t<\/a>\n\t\t\t\t\t\t\t\t\t\t\t\t\t\t\t\t\t<\/div>\n\t\t\t\t\t\t\t<\/div>\n\t\t\t\t\t\t<\/div>\n\t\t\t\t\t\t\t\t\t\t\t<div class=\"elementskit-client-slider-item swiper-slide \">\n\t\t\t\t\t\t\t<div class=\"swiper-slide-inner\">\n\t\t\t\t\t\t\t\t<div class=\"single-client image-switcher\" title=\"Instytut Ksi\u0105\u017cki\">\n\t\t\t\t\t\t\t\t\t\t\t\t\t\t\t\t\t\t\t<a href=\"https:\/\/instytutksiazki.pl\/\">\n\t\t\t\t\t\t\t\t\t\t\t<span class=\"content-image\">\n\t\t\t\t\t\t\t\t\t\t\t\t<img loading=\"lazy\" decoding=\"async\" width=\"1024\" height=\"538\" src=\"https:\/\/biblioteka.jaswily.pl\/wp-content\/uploads\/2025\/04\/instytut-ksiazki.jpg\" class=\"\" alt=\"\" srcset=\"https:\/\/biblioteka.jaswily.pl\/wp-content\/uploads\/2025\/04\/instytut-ksiazki.jpg 1024w, https:\/\/biblioteka.jaswily.pl\/wp-content\/uploads\/2025\/04\/instytut-ksiazki-300x158.jpg 300w, https:\/\/biblioteka.jaswily.pl\/wp-content\/uploads\/2025\/04\/instytut-ksiazki-768x404.jpg 768w, https:\/\/biblioteka.jaswily.pl\/wp-content\/uploads\/2025\/04\/instytut-ksiazki-600x315.jpg 600w\" sizes=\"(max-width: 1024px) 100vw, 1024px\" \/>\t\t\t\t\t\t\t\t\t\t\t<\/span>\n\t\t\t\t\t\t\t\t\t\t<\/a>\n\t\t\t\t\t\t\t\t\t\t\t\t\t\t\t\t\t<\/div>\n\t\t\t\t\t\t\t<\/div>\n\t\t\t\t\t\t<\/div>\n\t\t\t\t\t\t\t\t\t\t\t<div class=\"elementskit-client-slider-item swiper-slide \">\n\t\t\t\t\t\t\t<div class=\"swiper-slide-inner\">\n\t\t\t\t\t\t\t\t<div class=\"single-client image-switcher\" title=\"Ksi\u0105\u017cnica Podlaska\">\n\t\t\t\t\t\t\t\t\t\t\t\t\t\t\t\t\t\t\t<a href=\"https:\/\/ksiaznicapodlaska.pl\/\">\n\t\t\t\t\t\t\t\t\t\t\t<span class=\"content-image\">\n\t\t\t\t\t\t\t\t\t\t\t\t<img loading=\"lazy\" decoding=\"async\" width=\"1024\" height=\"538\" src=\"https:\/\/biblioteka.jaswily.pl\/wp-content\/uploads\/2025\/05\/ksiaznica-podlaska.png\" class=\"\" alt=\"Ksi\u0105\u017cnica Podlaska\" srcset=\"https:\/\/biblioteka.jaswily.pl\/wp-content\/uploads\/2025\/05\/ksiaznica-podlaska.png 1024w, https:\/\/biblioteka.jaswily.pl\/wp-content\/uploads\/2025\/05\/ksiaznica-podlaska-300x158.png 300w, https:\/\/biblioteka.jaswily.pl\/wp-content\/uploads\/2025\/05\/ksiaznica-podlaska-768x404.png 768w, https:\/\/biblioteka.jaswily.pl\/wp-content\/uploads\/2025\/05\/ksiaznica-podlaska-600x315.png 600w\" sizes=\"(max-width: 1024px) 100vw, 1024px\" \/>\t\t\t\t\t\t\t\t\t\t\t<\/span>\n\t\t\t\t\t\t\t\t\t\t<\/a>\n\t\t\t\t\t\t\t\t\t\t\t\t\t\t\t\t\t<\/div>\n\t\t\t\t\t\t\t<\/div>\n\t\t\t\t\t\t<\/div>\n\t\t\t\t\t\t\t\t\t\t\t<div class=\"elementskit-client-slider-item swiper-slide \">\n\t\t\t\t\t\t\t<div class=\"swiper-slide-inner\">\n\t\t\t\t\t\t\t\t<div class=\"single-client image-switcher\" title=\"Academica\">\n\t\t\t\t\t\t\t\t\t\t\t\t\t\t\t\t\t\t\t<a href=\"https:\/\/academica.edu.pl\/\">\n\t\t\t\t\t\t\t\t\t\t\t<span class=\"content-image\">\n\t\t\t\t\t\t\t\t\t\t\t\t<img loading=\"lazy\" decoding=\"async\" width=\"1024\" height=\"538\" src=\"https:\/\/biblioteka.jaswily.pl\/wp-content\/uploads\/2025\/04\/akademica.jpg\" class=\"\" alt=\"Academica\" srcset=\"https:\/\/biblioteka.jaswily.pl\/wp-content\/uploads\/2025\/04\/akademica.jpg 1024w, https:\/\/biblioteka.jaswily.pl\/wp-content\/uploads\/2025\/04\/akademica-300x158.jpg 300w, https:\/\/biblioteka.jaswily.pl\/wp-content\/uploads\/2025\/04\/akademica-768x404.jpg 768w, https:\/\/biblioteka.jaswily.pl\/wp-content\/uploads\/2025\/04\/akademica-600x315.jpg 600w\" sizes=\"(max-width: 1024px) 100vw, 1024px\" \/>\t\t\t\t\t\t\t\t\t\t\t<\/span>\n\t\t\t\t\t\t\t\t\t\t<\/a>\n\t\t\t\t\t\t\t\t\t\t\t\t\t\t\t\t\t<\/div>\n\t\t\t\t\t\t\t<\/div>\n\t\t\t\t\t\t<\/div>\n\t\t\t\t\t\t\t\t\t\t\t<div class=\"elementskit-client-slider-item swiper-slide \">\n\t\t\t\t\t\t\t<div class=\"swiper-slide-inner\">\n\t\t\t\t\t\t\t\t<div class=\"single-client image-switcher\" title=\"Miejski O\u015brodek Kultury\">\n\t\t\t\t\t\t\t\t\t\t\t\t\t\t\t\t\t\t\t<a href=\"https:\/\/kulturamonki.pl\/\">\n\t\t\t\t\t\t\t\t\t\t\t<span class=\"content-image\">\n\t\t\t\t\t\t\t\t\t\t\t\t<img loading=\"lazy\" decoding=\"async\" width=\"1024\" height=\"538\" src=\"https:\/\/biblioteka.jaswily.pl\/wp-content\/uploads\/2025\/05\/mok.png\" class=\"\" alt=\"Miejski O\u015brodek Kultury\" srcset=\"https:\/\/biblioteka.jaswily.pl\/wp-content\/uploads\/2025\/05\/mok.png 1024w, https:\/\/biblioteka.jaswily.pl\/wp-content\/uploads\/2025\/05\/mok-300x158.png 300w, https:\/\/biblioteka.jaswily.pl\/wp-content\/uploads\/2025\/05\/mok-768x404.png 768w, https:\/\/biblioteka.jaswily.pl\/wp-content\/uploads\/2025\/05\/mok-600x315.png 600w\" sizes=\"(max-width: 1024px) 100vw, 1024px\" \/>\t\t\t\t\t\t\t\t\t\t\t<\/span>\n\t\t\t\t\t\t\t\t\t\t<\/a>\n\t\t\t\t\t\t\t\t\t\t\t\t\t\t\t\t\t<\/div>\n\t\t\t\t\t\t\t<\/div>\n\t\t\t\t\t\t<\/div>\n\t\t\t\t\t\t\t\t\t\t\t<div class=\"elementskit-client-slider-item swiper-slide \">\n\t\t\t\t\t\t\t<div class=\"swiper-slide-inner\">\n\t\t\t\t\t\t\t\t<div class=\"single-client image-switcher\" title=\"Biblioteka Publiczna w Mo\u0144kach\">\n\t\t\t\t\t\t\t\t\t\t\t\t\t\t\t\t\t\t\t<a href=\"http:\/\/http\/\/bpmonki.pl\/\">\n\t\t\t\t\t\t\t\t\t\t\t<span class=\"content-image\">\n\t\t\t\t\t\t\t\t\t\t\t\t<img loading=\"lazy\" decoding=\"async\" width=\"1024\" height=\"538\" src=\"https:\/\/biblioteka.jaswily.pl\/wp-content\/uploads\/2025\/04\/biblioteka-monki.jpg\" class=\"\" alt=\"Biblioteka Publiczna w Mo\u0144kach\" srcset=\"https:\/\/biblioteka.jaswily.pl\/wp-content\/uploads\/2025\/04\/biblioteka-monki.jpg 1024w, https:\/\/biblioteka.jaswily.pl\/wp-content\/uploads\/2025\/04\/biblioteka-monki-300x158.jpg 300w, https:\/\/biblioteka.jaswily.pl\/wp-content\/uploads\/2025\/04\/biblioteka-monki-768x404.jpg 768w, https:\/\/biblioteka.jaswily.pl\/wp-content\/uploads\/2025\/04\/biblioteka-monki-600x315.jpg 600w\" sizes=\"(max-width: 1024px) 100vw, 1024px\" \/>\t\t\t\t\t\t\t\t\t\t\t<\/span>\n\t\t\t\t\t\t\t\t\t\t<\/a>\n\t\t\t\t\t\t\t\t\t\t\t\t\t\t\t\t\t<\/div>\n\t\t\t\t\t\t\t<\/div>\n\t\t\t\t\t\t<\/div>\n\t\t\t\t\t\t\t\t\t\t\t<div class=\"elementskit-client-slider-item swiper-slide \">\n\t\t\t\t\t\t\t<div class=\"swiper-slide-inner\">\n\t\t\t\t\t\t\t\t<div class=\"single-client image-switcher\" title=\"LEGIMI\">\n\t\t\t\t\t\t\t\t\t\t\t\t\t\t\t\t\t\t\t<div class=\"content-image\">\n\t\t\t\t\t\t\t\t\t\t\t<img loading=\"lazy\" decoding=\"async\" width=\"1024\" height=\"538\" src=\"https:\/\/biblioteka.jaswily.pl\/wp-content\/uploads\/2025\/04\/0x0.jpg\" class=\"\" alt=\"Legimi\" srcset=\"https:\/\/biblioteka.jaswily.pl\/wp-content\/uploads\/2025\/04\/0x0.jpg 1024w, https:\/\/biblioteka.jaswily.pl\/wp-content\/uploads\/2025\/04\/0x0-300x158.jpg 300w, https:\/\/biblioteka.jaswily.pl\/wp-content\/uploads\/2025\/04\/0x0-768x404.jpg 768w, https:\/\/biblioteka.jaswily.pl\/wp-content\/uploads\/2025\/04\/0x0-600x315.jpg 600w\" sizes=\"(max-width: 1024px) 100vw, 1024px\" \/>\t\t\t\t\t\t\t\t\t\t<\/div>\n\t\t\t\t\t\t\t\t\t\t\t\t\t\t\t\t\t<\/div>\n\t\t\t\t\t\t\t<\/div>\n\t\t\t\t\t\t<\/div>\n\t\t\t\t\t\t\t\t\t<\/div>\n\n\t\t\t\t\t\t\t\t\t<div class=\"swiper-pagination\"><\/div>\n\t\t\t\t\n\t\t\t\t\t\t\t<\/div><!-- .elementskit-clients-slider END -->\n\t\t<\/div>\n\t\t<\/div>\t\t\t\t<\/div>\n\t\t\t\t<\/div>\n\t\t\t\t<\/div>\n\t\t\t\t\t<\/div>\n\t\t\t\t<\/div>\n\t\t\t\t<\/div>\n\t\t","protected":false},"excerpt":{"rendered":"<p>Regulaminy Za\u0142\u0105cznik nr 1 do Zarz\u0105dzenia Nr 2\/2014 Dyrektora BPG Ja\u015bwi\u0142y z dnia 01.02.2014 r. Regulamin wypo\u017cyczalni Biblioteki Publicznej Gminy Ja\u015bwi\u0142y Za\u0142\u0105cznik Nr 2 do Zarz\u0105dzenia Nr 2\/2014 dyrektora BPG Ja\u015bwi\u0142y z dnia 01.02.2014 r. \u00a7 1. PRAWO KORZYSTANIA Z wypo\u017cyczalni mog\u0105 korzysta\u0107 wszyscy obywatele. Korzystanie z wypo\u017cyczalni jest bezp\u0142atne. Przy zapisie zg\u0142aszaj\u0105cy si\u0119 jest [&hellip;]<\/p>\n","protected":false},"author":1,"featured_media":0,"parent":0,"menu_order":0,"comment_status":"closed","ping_status":"closed","template":"elementor_header_footer","meta":{"footnotes":""},"class_list":["post-280","page","type-page","status-publish","hentry"],"_links":{"self":[{"href":"https:\/\/biblioteka.jaswily.pl\/index.php\/wp-json\/wp\/v2\/pages\/280","targetHints":{"allow":["GET"]}}],"collection":[{"href":"https:\/\/biblioteka.jaswily.pl\/index.php\/wp-json\/wp\/v2\/pages"}],"about":[{"href":"https:\/\/biblioteka.jaswily.pl\/index.php\/wp-json\/wp\/v2\/types\/page"}],"author":[{"embeddable":true,"href":"https:\/\/biblioteka.jaswily.pl\/index.php\/wp-json\/wp\/v2\/users\/1"}],"replies":[{"embeddable":true,"href":"https:\/\/biblioteka.jaswily.pl\/index.php\/wp-json\/wp\/v2\/comments?post=280"}],"version-history":[{"count":28,"href":"https:\/\/biblioteka.jaswily.pl\/index.php\/wp-json\/wp\/v2\/pages\/280\/revisions"}],"predecessor-version":[{"id":1565,"href":"https:\/\/biblioteka.jaswily.pl\/index.php\/wp-json\/wp\/v2\/pages\/280\/revisions\/1565"}],"wp:attachment":[{"href":"https:\/\/biblioteka.jaswily.pl\/index.php\/wp-json\/wp\/v2\/media?parent=280"}],"curies":[{"name":"wp","href":"https:\/\/api.w.org\/{rel}","templated":true}]}}